{"id":20,"date":"2018-08-25T14:14:13","date_gmt":"2018-08-25T12:14:13","guid":{"rendered":"http:\/\/kizomba-amiens.fr\/?page_id=20"},"modified":"2025-09-14T13:36:42","modified_gmt":"2025-09-14T11:36:42","slug":"a-propos-de","status":"publish","type":"page","link":"https:\/\/www.kizomba-amiens.fr\/?page_id=20","title":{"rendered":"Professeurs"},"content":{"rendered":"<p><strong>Les Professeurs de danse<\/strong><\/p>\n<div class=\"et_pb_section et_pb_section_1 et_section_regular\">\n<div class=\"et_pb_row et_pb_row_3\">\n<div class=\"et_pb_column et_pb_column_1_2 et_pb_column_4 et_pb_css_mix_blend_mode_passthrough\">\n<div class=\"et_pb_module et_pb_text et_pb_text_4 et_pb_text_align_left et_pb_bg_layout_light\">\n<div class=\"et_pb_text_inner\">\n<h2>Serge<\/h2>\n<\/div>\n<\/div>\n<div class=\"et_pb_module et_pb_text et_pb_text_5 et_pb_text_align_justified et_pb_bg_layout_light\">\n<div class=\"et_pb_text_inner\">\n<div>Serge d\u00e9couvre les danses latines en 2006, en se formant \u00e0 la salsa cubaine et portoricaine \u00e0 Paris. Tr\u00e8s vite passionn\u00e9, il d\u00e9veloppe ses comp\u00e9tences en participant \u00e0 de nombreux stages et \u00e9v\u00e9nements.<\/div>\n<div>En 2015, c\u2019est la Kizomba qui devient une v\u00e9ritable r\u00e9v\u00e9lation. Il entame alors une formation approfondie \u00e0 l\u2019\u00e9cole KSC \u00e0 Lisbonne aupr\u00e8s du ma\u00eetre renomm\u00e9 Mestre Petchu, ce qui marque une \u00e9tape d\u00e9cisive dans son parcours de professeur de danse.<\/div>\n<div>Les festivals \u00e0 travers l\u2019Afrique et l\u2019Europe, notamment dans les capitales embl\u00e9matiques de la Kizomba et du Semba, lui permettent d\u2019enrichir sa compr\u00e9hension de ces danses tant sur le plan technique que culturel.<\/div>\n<div>En 2024, son voyage \u00e0 Luanda en Angola, berceau de la Kizomba et du Semba, vient boucler une qu\u00eate de plusieurs ann\u00e9es \u00e0 la recherche de l\u2019authenticit\u00e9 et de la richesse culturelle de ces danses populaires angolaises.<\/div>\n<div>Avec plus de 17 ans d\u2019exp\u00e9rience dans la pratique et l\u2019enseignement des danses latines et africaines, Serge se distingue par sa p\u00e9dagogie, sa passion et sa capacit\u00e9 \u00e0 transmettre avec aisance et g\u00e9n\u00e9rosit\u00e9.<\/div>\n<\/div>\n<div><\/div>\n<p>&nbsp;<\/p>\n<figure id=\"attachment_658\" aria-describedby=\"caption-attachment-658\" style=\"width: 300px\" class=\"wp-caption alignnone\"><img  title=\"\" loading=\"lazy\" decoding=\"async\" class=\"size-medium wp-image-658\" src=\"https:\/\/www.kizomba-amiens.fr\/wp-content\/uploads\/2025\/05\/IMG_7168-300x224.jpg\"  alt=\"IMG_7168-300x224 Professeurs\"  width=\"300\" height=\"224\" srcset=\"https:\/\/www.kizomba-amiens.fr\/wp-content\/uploads\/2025\/05\/IMG_7168-300x224.jpg 300w, https:\/\/www.kizomba-amiens.fr\/wp-content\/uploads\/2025\/05\/IMG_7168-768x574.jpg 768w, https:\/\/www.kizomba-amiens.fr\/wp-content\/uploads\/2025\/05\/IMG_7168.jpg 960w\" sizes=\"auto, (max-width: 300px) 100vw, 300px\" \/><figcaption id=\"caption-attachment-658\" class=\"wp-caption-text\"><strong>Dipl\u00f4me KSC &#8211; 2015<\/strong><\/figcaption><\/figure>\n<p>&nbsp;<\/p>\n<figure id=\"attachment_656\" aria-describedby=\"caption-attachment-656\" style=\"width: 300px\" class=\"wp-caption alignnone\"><img  title=\"\" loading=\"lazy\" decoding=\"async\" class=\"size-medium wp-image-656\" src=\"https:\/\/www.kizomba-amiens.fr\/wp-content\/uploads\/2025\/05\/IMG_7169-2-300x225.jpg\"  alt=\"IMG_7169-2-300x225 Professeurs\"  width=\"300\" height=\"225\" srcset=\"https:\/\/www.kizomba-amiens.fr\/wp-content\/uploads\/2025\/05\/IMG_7169-2-300x225.jpg 300w, https:\/\/www.kizomba-amiens.fr\/wp-content\/uploads\/2025\/05\/IMG_7169-2-768x576.jpg 768w, https:\/\/www.kizomba-amiens.fr\/wp-content\/uploads\/2025\/05\/IMG_7169-2.jpg 960w\" sizes=\"auto, (max-width: 300px) 100vw, 300px\" \/><figcaption id=\"caption-attachment-656\" class=\"wp-caption-text\"><strong>Formation par Mestre PETCHU &#8211; Lisbonne 2015\u00a0<\/strong><\/figcaption><\/figure>\n<\/div>\n<\/div>\n<div class=\"et_pb_column et_pb_column_1_2 et_pb_column_5 et_pb_css_mix_blend_mode_passthrough et-last-child\">\n<div class=\"et_pb_module et_pb_image et_pb_image_1\"><span class=\"et_pb_image_wrap \"><img loading=\"lazy\" decoding=\"async\" class=\"wp-image-240739 entered lazyloaded\"  title=\"\"  src=\"https:\/\/www.taranta-swing-danses.com\/wp-content\/uploads\/2023\/06\/IMG_2214-e1686917893328-603x1024.jpg\"  alt=\"IMG_2214-e1686917893328-603x1024 Professeurs\"  width=\"305\" height=\"518\" data-lazy-src=\"https:\/\/www.taranta-swing-danses.com\/wp-content\/uploads\/2023\/06\/IMG_2214-e1686917893328-603x1024.jpg\" data-ll-status=\"loaded\" \/><\/span><\/div>\n<\/div>\n<\/div>\n<div class=\"et_pb_row et_pb_row_4\">\n<div class=\"et_pb_column et_pb_column_1_2 et_pb_column_7 et_pb_css_mix_blend_mode_passthrough et-last-child\">\n<div class=\"et_pb_module et_pb_text et_pb_text_6 et_pb_text_align_left et_pb_bg_layout_light\">\n<div class=\"et_pb_text_inner\"><\/div>\n<\/div>\n<div class=\"et_pb_module et_pb_text et_pb_text_7 et_pb_text_align_justified et_pb_bg_layout_light\">\n<div class=\"et_pb_text_inner\"><\/div>\n<\/div>\n<\/div>\n<\/div>\n<\/div>\n<div class=\"et_pb_column et_pb_column_1_2 et_pb_column_3 et_pb_css_mix_blend_mode_passthrough et-last-child\">\n<div class=\"et_pb_module et_pb_text et_pb_text_3 et_pb_text_align_justified et_pb_bg_layout_light\">\n<div class=\"et_pb_module et_pb_text et_pb_text_7 et_pb_text_align_justified et_pb_bg_layout_light\">\n<p>&nbsp;<\/p>\n<\/div>\n<\/div>\n<\/div>\n","protected":false},"excerpt":{"rendered":"<p>Les Professeurs de danse Serge Serge d\u00e9couvre les danses latines en 2006, en se formant \u00e0 la salsa cubaine et portoricaine \u00e0 Paris. Tr\u00e8s vite passionn\u00e9, il d\u00e9veloppe ses comp\u00e9tences en participant \u00e0 de nombreux stages et \u00e9v\u00e9nements. En 2015, c\u2019est la Kizomba qui devient une v\u00e9ritable r\u00e9v\u00e9lation. Il entame alors une formation approfondie \u00e0 [&hellip;]<\/p>\n","protected":false},"author":1,"featured_media":431,"parent":0,"menu_order":0,"comment_status":"closed","ping_status":"closed","template":"","meta":{"footnotes":""},"class_list":["post-20","page","type-page","status-publish","has-post-thumbnail","hentry"],"yoast_head":"<!-- This site is optimized with the Yoast SEO plugin v25.9 - https:\/\/yoast.com\/wordpress\/plugins\/seo\/ -->\n<title>Professeurs - KIZOMBA AMIENS<\/title>\n<meta name=\"robots\" content=\"index, follow, max-snippet:-1, max-image-preview:large, max-video-preview:-1\" \/>\n<link rel=\"canonical\" href=\"https:\/\/www.kizomba-amiens.fr\/?page_id=20\" \/>\n<meta property=\"og:locale\" content=\"fr_FR\" \/>\n<meta property=\"og:type\" content=\"article\" \/>\n<meta property=\"og:title\" content=\"Professeurs - KIZOMBA AMIENS\" \/>\n<meta property=\"og:description\" content=\"Les Professeurs de danse Serge Serge d\u00e9couvre les danses latines en 2006, en se formant \u00e0 la salsa cubaine et portoricaine \u00e0 Paris. Tr\u00e8s vite passionn\u00e9, il d\u00e9veloppe ses comp\u00e9tences en participant \u00e0 de nombreux stages et \u00e9v\u00e9nements. En 2015, c\u2019est la Kizomba qui devient une v\u00e9ritable r\u00e9v\u00e9lation. Il entame alors une formation approfondie \u00e0 [&hellip;]\" \/>\n<meta property=\"og:url\" content=\"https:\/\/www.kizomba-amiens.fr\/?page_id=20\" \/>\n<meta property=\"og:site_name\" content=\"KIZOMBA AMIENS\" \/>\n<meta property=\"article:publisher\" content=\"https:\/\/www.facebook.com\/kizomba.amiens\" \/>\n<meta property=\"article:modified_time\" content=\"2025-09-14T11:36:42+00:00\" \/>\n<meta property=\"og:image\" content=\"https:\/\/www.kizomba-amiens.fr\/wp-content\/uploads\/2023\/08\/cropped-cropped-IMG-20220830-WA0008.jpg\" \/>\n\t<meta property=\"og:image:width\" content=\"1200\" \/>\n\t<meta property=\"og:image:height\" content=\"1200\" \/>\n\t<meta property=\"og:image:type\" content=\"image\/jpeg\" \/>\n<meta name=\"twitter:card\" content=\"summary_large_image\" \/>\n<meta name=\"twitter:label1\" content=\"Dur\u00e9e de lecture estim\u00e9e\" \/>\n\t<meta name=\"twitter:data1\" content=\"2 minutes\" \/>\n<script type=\"application\/ld+json\" class=\"yoast-schema-graph\">{\"@context\":\"https:\/\/schema.org\",\"@graph\":[{\"@type\":\"WebPage\",\"@id\":\"https:\/\/www.kizomba-amiens.fr\/?page_id=20\",\"url\":\"https:\/\/www.kizomba-amiens.fr\/?page_id=20\",\"name\":\"Professeurs - KIZOMBA AMIENS\",\"isPartOf\":{\"@id\":\"https:\/\/www.kizomba-amiens.fr\/#website\"},\"primaryImageOfPage\":{\"@id\":\"https:\/\/www.kizomba-amiens.fr\/?page_id=20#primaryimage\"},\"image\":{\"@id\":\"https:\/\/www.kizomba-amiens.fr\/?page_id=20#primaryimage\"},\"thumbnailUrl\":\"https:\/\/www.kizomba-amiens.fr\/wp-content\/uploads\/2023\/08\/cropped-cropped-IMG-20220830-WA0008.jpg\",\"datePublished\":\"2018-08-25T12:14:13+00:00\",\"dateModified\":\"2025-09-14T11:36:42+00:00\",\"breadcrumb\":{\"@id\":\"https:\/\/www.kizomba-amiens.fr\/?page_id=20#breadcrumb\"},\"inLanguage\":\"fr-FR\",\"potentialAction\":[{\"@type\":\"ReadAction\",\"target\":[\"https:\/\/www.kizomba-amiens.fr\/?page_id=20\"]}]},{\"@type\":\"ImageObject\",\"inLanguage\":\"fr-FR\",\"@id\":\"https:\/\/www.kizomba-amiens.fr\/?page_id=20#primaryimage\",\"url\":\"https:\/\/www.kizomba-amiens.fr\/wp-content\/uploads\/2023\/08\/cropped-cropped-IMG-20220830-WA0008.jpg\",\"contentUrl\":\"https:\/\/www.kizomba-amiens.fr\/wp-content\/uploads\/2023\/08\/cropped-cropped-IMG-20220830-WA0008.jpg\",\"width\":1200,\"height\":1200},{\"@type\":\"BreadcrumbList\",\"@id\":\"https:\/\/www.kizomba-amiens.fr\/?page_id=20#breadcrumb\",\"itemListElement\":[{\"@type\":\"ListItem\",\"position\":1,\"name\":\"Home\",\"item\":\"https:\/\/www.kizomba-amiens.fr\/\"},{\"@type\":\"ListItem\",\"position\":2,\"name\":\"Professeurs\"}]},{\"@type\":\"WebSite\",\"@id\":\"https:\/\/www.kizomba-amiens.fr\/#website\",\"url\":\"https:\/\/www.kizomba-amiens.fr\/\",\"name\":\"KIZOMBA AMIENS\",\"description\":\"Les mardis ensoleill\u00e9s\",\"potentialAction\":[{\"@type\":\"SearchAction\",\"target\":{\"@type\":\"EntryPoint\",\"urlTemplate\":\"https:\/\/www.kizomba-amiens.fr\/?s={search_term_string}\"},\"query-input\":{\"@type\":\"PropertyValueSpecification\",\"valueRequired\":true,\"valueName\":\"search_term_string\"}}],\"inLanguage\":\"fr-FR\"}]}<\/script>\n<!-- \/ Yoast SEO plugin. -->","yoast_head_json":{"title":"Professeurs - KIZOMBA AMIENS","robots":{"index":"index","follow":"follow","max-snippet":"max-snippet:-1","max-image-preview":"max-image-preview:large","max-video-preview":"max-video-preview:-1"},"canonical":"https:\/\/www.kizomba-amiens.fr\/?page_id=20","og_locale":"fr_FR","og_type":"article","og_title":"Professeurs - KIZOMBA AMIENS","og_description":"Les Professeurs de danse Serge Serge d\u00e9couvre les danses latines en 2006, en se formant \u00e0 la salsa cubaine et portoricaine \u00e0 Paris. Tr\u00e8s vite passionn\u00e9, il d\u00e9veloppe ses comp\u00e9tences en participant \u00e0 de nombreux stages et \u00e9v\u00e9nements. En 2015, c\u2019est la Kizomba qui devient une v\u00e9ritable r\u00e9v\u00e9lation. Il entame alors une formation approfondie \u00e0 [&hellip;]","og_url":"https:\/\/www.kizomba-amiens.fr\/?page_id=20","og_site_name":"KIZOMBA AMIENS","article_publisher":"https:\/\/www.facebook.com\/kizomba.amiens","article_modified_time":"2025-09-14T11:36:42+00:00","og_image":[{"width":1200,"height":1200,"url":"https:\/\/www.kizomba-amiens.fr\/wp-content\/uploads\/2023\/08\/cropped-cropped-IMG-20220830-WA0008.jpg","type":"image\/jpeg"}],"twitter_card":"summary_large_image","twitter_misc":{"Dur\u00e9e de lecture estim\u00e9e":"2 minutes"},"schema":{"@context":"https:\/\/schema.org","@graph":[{"@type":"WebPage","@id":"https:\/\/www.kizomba-amiens.fr\/?page_id=20","url":"https:\/\/www.kizomba-amiens.fr\/?page_id=20","name":"Professeurs - KIZOMBA AMIENS","isPartOf":{"@id":"https:\/\/www.kizomba-amiens.fr\/#website"},"primaryImageOfPage":{"@id":"https:\/\/www.kizomba-amiens.fr\/?page_id=20#primaryimage"},"image":{"@id":"https:\/\/www.kizomba-amiens.fr\/?page_id=20#primaryimage"},"thumbnailUrl":"https:\/\/www.kizomba-amiens.fr\/wp-content\/uploads\/2023\/08\/cropped-cropped-IMG-20220830-WA0008.jpg","datePublished":"2018-08-25T12:14:13+00:00","dateModified":"2025-09-14T11:36:42+00:00","breadcrumb":{"@id":"https:\/\/www.kizomba-amiens.fr\/?page_id=20#breadcrumb"},"inLanguage":"fr-FR","potentialAction":[{"@type":"ReadAction","target":["https:\/\/www.kizomba-amiens.fr\/?page_id=20"]}]},{"@type":"ImageObject","inLanguage":"fr-FR","@id":"https:\/\/www.kizomba-amiens.fr\/?page_id=20#primaryimage","url":"https:\/\/www.kizomba-amiens.fr\/wp-content\/uploads\/2023\/08\/cropped-cropped-IMG-20220830-WA0008.jpg","contentUrl":"https:\/\/www.kizomba-amiens.fr\/wp-content\/uploads\/2023\/08\/cropped-cropped-IMG-20220830-WA0008.jpg","width":1200,"height":1200},{"@type":"BreadcrumbList","@id":"https:\/\/www.kizomba-amiens.fr\/?page_id=20#breadcrumb","itemListElement":[{"@type":"ListItem","position":1,"name":"Home","item":"https:\/\/www.kizomba-amiens.fr\/"},{"@type":"ListItem","position":2,"name":"Professeurs"}]},{"@type":"WebSite","@id":"https:\/\/www.kizomba-amiens.fr\/#website","url":"https:\/\/www.kizomba-amiens.fr\/","name":"KIZOMBA AMIENS","description":"Les mardis ensoleill\u00e9s","potentialAction":[{"@type":"SearchAction","target":{"@type":"EntryPoint","urlTemplate":"https:\/\/www.kizomba-amiens.fr\/?s={search_term_string}"},"query-input":{"@type":"PropertyValueSpecification","valueRequired":true,"valueName":"search_term_string"}}],"inLanguage":"fr-FR"}]}},"_links":{"self":[{"href":"https:\/\/www.kizomba-amiens.fr\/index.php?rest_route=\/wp\/v2\/pages\/20","targetHints":{"allow":["GET"]}}],"collection":[{"href":"https:\/\/www.kizomba-amiens.fr\/index.php?rest_route=\/wp\/v2\/pages"}],"about":[{"href":"https:\/\/www.kizomba-amiens.fr\/index.php?rest_route=\/wp\/v2\/types\/page"}],"author":[{"embeddable":true,"href":"https:\/\/www.kizomba-amiens.fr\/index.php?rest_route=\/wp\/v2\/users\/1"}],"replies":[{"embeddable":true,"href":"https:\/\/www.kizomba-amiens.fr\/index.php?rest_route=%2Fwp%2Fv2%2Fcomments&post=20"}],"version-history":[{"count":20,"href":"https:\/\/www.kizomba-amiens.fr\/index.php?rest_route=\/wp\/v2\/pages\/20\/revisions"}],"predecessor-version":[{"id":692,"href":"https:\/\/www.kizomba-amiens.fr\/index.php?rest_route=\/wp\/v2\/pages\/20\/revisions\/692"}],"wp:featuredmedia":[{"embeddable":true,"href":"https:\/\/www.kizomba-amiens.fr\/index.php?rest_route=\/wp\/v2\/media\/431"}],"wp:attachment":[{"href":"https:\/\/www.kizomba-amiens.fr\/index.php?rest_route=%2Fwp%2Fv2%2Fmedia&parent=20"}],"curies":[{"name":"wp","href":"https:\/\/api.w.org\/{rel}","templated":true}]}}